{"id":24208,"date":"2026-09-01T14:12:37","date_gmt":"2026-09-01T14:12:37","guid":{"rendered":"https:\/\/www.perlasthlm.se\/?page_id=24208"},"modified":"2026-09-01T14:36:33","modified_gmt":"2026-09-01T14:36:33","slug":"smyckeskurs-skapa-egen-smyckeskollektion","status":"publish","type":"page","link":"https:\/\/www.perlasthlm.se\/en\/smyckeskurs-skapa-egen-smyckeskollektion\/","title":{"rendered":"Smyckeskurs &#8211; Skapa egen smyckeskollektion"},"content":{"rendered":"\t\t<div data-elementor-type=\"wp-page\" data-elementor-id=\"24208\" class=\"elementor elementor-24208\" data-elementor-post-type=\"page\">\n\t\t\t\t<div class=\"elementor-element elementor-element-731e904 e-grid e-con-boxed e-con e-parent\" data-id=\"731e904\" data-element_type=\"container\" data-e-type=\"container\">\n\t\t\t\t\t<div class=\"e-con-inner\">\n\t\t\t\t<div class=\"elementor-element elementor-element-fa68afb elementor-widget elementor-widget-text-editor\" data-id=\"fa68afb\" data-element_type=\"widget\" data-e-type=\"widget\" data-widget_type=\"text-editor.default\">\n\t\t\t\t<div class=\"elementor-widget-container\">\n\t\t\t\t\t\t\t\t\t<h3 style=\"text-align: center;\"><span style=\"color: #000000;\">Skapa din egen smyckeskollektion<\/span><\/h3><h3 style=\"text-align: center;\"><span style=\"color: #000000;\">F\u00f6r dig som \u00e4lskar kreativitet och design &#8211; start oktober 2026<\/span><\/h3>\t\t\t\t\t\t\t\t<\/div>\n\t\t\t\t<\/div>\n\t\t\t\t\t<\/div>\n\t\t\t\t<\/div>\n\t\t<div class=\"elementor-element elementor-element-4570dd4 e-grid e-con-boxed e-con e-parent\" data-id=\"4570dd4\" data-element_type=\"container\" data-e-type=\"container\">\n\t\t\t\t\t<div class=\"e-con-inner\">\n\t\t<div class=\"elementor-element elementor-element-12f3c14 e-grid e-con-full e-con e-child\" data-id=\"12f3c14\" data-element_type=\"container\" data-e-type=\"container\">\n\t\t\t\t<div class=\"elementor-element elementor-element-fd69e25 elementor-widget elementor-widget-text-editor\" data-id=\"fd69e25\" data-element_type=\"widget\" data-e-type=\"widget\" data-widget_type=\"text-editor.default\">\n\t\t\t\t<div class=\"elementor-widget-container\">\n\t\t\t\t\t\t\t\t\t<p data-start=\"279\" data-end=\"517\">Under 6 tillf\u00e4llen i h\u00f6st har barn och ungdomar (fr\u00e5n 12 \u00e5r) m\u00f6jlighet att delta i v\u00e5r smyckeskurs och l\u00e4ra sig skapa en egen smyckeskollektion.<\/p><p data-start=\"279\" data-end=\"517\">Vi g\u00e5r genom alla faser fr\u00e5n id\u00e9 till skapande av smycken som t.ex. armband, halsband, fotl\u00e4nk och \u00f6rh\u00e4ngen. Vi anv\u00e4nder oss av p\u00e4rlo i m\u00e5nga f\u00e4rger, kedjor, charms, tr\u00e5d och verktyg och tillsammans skapar vi fina smycken.<\/p><p data-start=\"279\" data-end=\"517\">Vi delar in kursen i olika \u00e5ldersgrupper.<\/p><p data-start=\"279\" data-end=\"517\"><span style=\"color: #000000;\"><strong data-start=\"525\" data-end=\"539\">Kursstart:<\/strong><\/span> Torsdag 8 oktober (uppeh\u00e5ll v.44)<br \/><span style=\"color: #000000;\"><strong data-start=\"565\" data-end=\"575\">Plats:<\/strong><\/span> Grevgatan 27<br data-start=\"610\" data-end=\"613\" \/><span style=\"color: #000000;\"><strong data-start=\"616\" data-end=\"624\">Tid: <\/strong>Torsdagar kl.<\/span> 16.00-17.00 och 17.30-18.30<br data-start=\"658\" data-end=\"661\" \/><span style=\"color: #000000;\"><strong data-start=\"664\" data-end=\"685\">Antal tillf\u00e4llen:<\/strong><\/span> 6<br \/><span style=\"color: #000000;\"><strong>Pris:<\/strong><\/span> 2.950 kr. (allt material ing\u00e5r)<\/p><p data-start=\"728\" data-end=\"790\"><img decoding=\"async\" class=\"emoji\" role=\"img\" draggable=\"false\" src=\"https:\/\/s.w.org\/images\/core\/emoji\/17.0.2\/svg\/1f514.svg\" alt=\"\ud83d\udd14\" \/> <span style=\"color: #000000;\"><strong>Anm\u00e4lan sker via formul\u00e4ren nedan, vi har begr\u00e4nsat antal platser och vi kommer att bekr\u00e4fta din plats via email.<\/strong><\/span><\/p>\t\t\t\t\t\t\t\t<\/div>\n\t\t\t\t<\/div>\n\t\t\t\t<div class=\"elementor-element elementor-element-4495b89 elementor-widget elementor-widget-image\" data-id=\"4495b89\" data-element_type=\"widget\" data-e-type=\"widget\" data-widget_type=\"image.default\">\n\t\t\t\t<div class=\"elementor-widget-container\">\n\t\t\t\t\t\t\t\t\t\t\t\t\t\t\t<img fetchpriority=\"high\" decoding=\"async\" width=\"900\" height=\"458\" src=\"https:\/\/www.perlasthlm.se\/wp-content\/uploads\/2025\/05\/blomarmband-workshop-1024x521.jpg\" class=\"attachment-large size-large wp-image-22707\" alt=\"blomarmband workshop\" srcset=\"https:\/\/www.perlasthlm.se\/wp-content\/uploads\/2025\/05\/blomarmband-workshop-1024x521.jpg 1024w, https:\/\/www.perlasthlm.se\/wp-content\/uploads\/2025\/05\/blomarmband-workshop-scaled-920x468.jpg 920w, https:\/\/www.perlasthlm.se\/wp-content\/uploads\/2025\/05\/blomarmband-workshop-300x153.jpg 300w, https:\/\/www.perlasthlm.se\/wp-content\/uploads\/2025\/05\/blomarmband-workshop-768x391.jpg 768w, https:\/\/www.perlasthlm.se\/wp-content\/uploads\/2025\/05\/blomarmband-workshop-1536x782.jpg 1536w, https:\/\/www.perlasthlm.se\/wp-content\/uploads\/2025\/05\/blomarmband-workshop-2048x1043.jpg 2048w\" sizes=\"(max-width: 900px) 100vw, 900px\" \/>\t\t\t\t\t\t\t\t\t\t\t\t\t\t\t<\/div>\n\t\t\t\t<\/div>\n\t\t\t\t<\/div>\n\t\t\t\t\t<\/div>\n\t\t\t\t<\/div>\n\t\t<div class=\"elementor-element elementor-element-75a88ef e-grid e-con-boxed e-con e-parent\" data-id=\"75a88ef\" data-element_type=\"container\" data-e-type=\"container\">\n\t\t\t\t\t<div class=\"e-con-inner\">\n\t\t<div class=\"elementor-element elementor-element-da731cb e-con-full e-flex e-con e-child\" data-id=\"da731cb\" data-element_type=\"container\" data-e-type=\"container\">\n\t\t<div class=\"elementor-element elementor-element-c6ef16b e-con-full e-flex e-con e-child\" data-id=\"c6ef16b\" data-element_type=\"container\" data-e-type=\"container\">\n\t\t\t\t<div class=\"elementor-element elementor-element-4497694 elementor-widget-divider--view-line elementor-widget elementor-widget-divider\" data-id=\"4497694\" data-element_type=\"widget\" data-e-type=\"widget\" data-widget_type=\"divider.default\">\n\t\t\t\t<div class=\"elementor-widget-container\">\n\t\t\t\t\t\t\t<div class=\"elementor-divider\">\n\t\t\t<span class=\"elementor-divider-separator\">\n\t\t\t\t\t\t<\/span>\n\t\t<\/div>\n\t\t\t\t\t\t<\/div>\n\t\t\t\t<\/div>\n\t\t\t\t<div class=\"elementor-element elementor-element-df36357 elementor-widget elementor-widget-heading\" data-id=\"df36357\" data-element_type=\"widget\" data-e-type=\"widget\" data-widget_type=\"heading.default\">\n\t\t\t\t<div class=\"elementor-widget-container\">\n\t\t\t\t\t<h2 class=\"elementor-heading-title elementor-size-default\"><h3 style=\"font-weight: var( --e-global-typography-primary-font-weight )\">Anm\u00e4lan till smyckeskurs<span style=\"color: var( --e-global-color-primary );font-family: Syne, -apple-system, BlinkMacSystemFont, Arial, Helvetica, &quot;Helvetica Neue&quot;, Verdana, sans-serif;font-size: 40.871px;font-weight: var( --e-global-typography-primary-font-weight );text-align: var(--text-align)\"><\/span><\/h3><\/h2>\t\t\t\t<\/div>\n\t\t\t\t<\/div>\n\t\t\t\t<div class=\"elementor-element elementor-element-b585f49 elementor-button-align-stretch elementor-widget elementor-widget-form\" data-id=\"b585f49\" data-element_type=\"widget\" data-e-type=\"widget\" data-settings=\"{&quot;step_next_label&quot;:&quot;Next&quot;,&quot;step_previous_label&quot;:&quot;Previous&quot;,&quot;button_width&quot;:&quot;30&quot;,&quot;step_type&quot;:&quot;number_text&quot;,&quot;step_icon_shape&quot;:&quot;circle&quot;}\" data-widget_type=\"form.default\">\n\t\t\t\t<div class=\"elementor-widget-container\">\n\t\t\t\t\t\t\t<form class=\"elementor-form\" method=\"post\" name=\"F\u00f6delsedag\" aria-label=\"F\u00f6delsedag\">\n\t\t\t<input type=\"hidden\" name=\"post_id\" value=\"24208\"\/>\n\t\t\t<input type=\"hidden\" name=\"form_id\" value=\"b585f49\"\/>\n\t\t\t<input type=\"hidden\" name=\"referer_title\" value=\"Smyckeskurs \u2013 Skapa egen smyckeskollektion - Perla Stockholm\" \/>\n\n\t\t\t\t\t\t\t<input type=\"hidden\" name=\"queried_id\" value=\"24208\"\/>\n\t\t\t\n\t\t\t<div class=\"elementor-form-fields-wrapper elementor-labels-above\">\n\t\t\t\t\t\t\t\t<div class=\"elementor-field-type-radio elementor-field-group elementor-column elementor-field-group-field_4360ffe elementor-col-100\">\n\t\t\t\t\t\t\t\t\t\t\t\t<label for=\"form-field-field_4360ffe\" class=\"elementor-field-label\">\n\t\t\t\t\t\t\t\tV\u00c4LJ DATUM OCH TID\t\t\t\t\t\t\t<\/label>\n\t\t\t\t\t\t<div class=\"elementor-field-subgroup  \"><span class=\"elementor-field-option\"><input type=\"radio\" value=\"Torsdagar kl. 16.00 - 17.00\" id=\"form-field-field_4360ffe-0\" name=\"form_fields[field_4360ffe]\"> <label for=\"form-field-field_4360ffe-0\">Torsdagar kl. 16.00 - 17.00<\/label><\/span><span class=\"elementor-field-option\"><input type=\"radio\" value=\"Torsdagar kl. 17.30 - 18.30\" id=\"form-field-field_4360ffe-1\" name=\"form_fields[field_4360ffe]\"> <label for=\"form-field-field_4360ffe-1\">Torsdagar kl. 17.30 - 18.30<\/label><\/span><\/div>\t\t\t\t<\/div>\n\t\t\t\t\t\t\t\t<div class=\"elementor-field-type-text elementor-field-group elementor-column elementor-field-group-field_aa824ca elementor-col-100 elementor-field-required elementor-mark-required\">\n\t\t\t\t\t\t\t\t\t\t\t\t<label for=\"form-field-field_aa824ca\" class=\"elementor-field-label\">\n\t\t\t\t\t\t\t\tdeltagarens Namn\t\t\t\t\t\t\t<\/label>\n\t\t\t\t\t\t\t\t\t\t\t\t\t\t<input size=\"1\" type=\"text\" name=\"form_fields[field_aa824ca]\" id=\"form-field-field_aa824ca\" class=\"elementor-field elementor-size-sm  elementor-field-textual\" placeholder=\"Namn\" required=\"required\">\n\t\t\t\t\t\t\t\t\t\t\t<\/div>\n\t\t\t\t\t\t\t\t<div class=\"elementor-field-type-text elementor-field-group elementor-column elementor-field-group-email elementor-col-100 elementor-field-required elementor-mark-required\">\n\t\t\t\t\t\t\t\t\t\t\t\t<label for=\"form-field-email\" class=\"elementor-field-label\">\n\t\t\t\t\t\t\t\t\u00c5lder\t\t\t\t\t\t\t<\/label>\n\t\t\t\t\t\t\t\t\t\t\t\t\t\t<input size=\"1\" type=\"text\" name=\"form_fields[email]\" id=\"form-field-email\" class=\"elementor-field elementor-size-sm  elementor-field-textual\" placeholder=\"\u00c5lder\" required=\"required\">\n\t\t\t\t\t\t\t\t\t\t\t<\/div>\n\t\t\t\t\t\t\t\t<div class=\"elementor-field-type-text elementor-field-group elementor-column elementor-field-group-name elementor-col-100 elementor-field-required elementor-mark-required\">\n\t\t\t\t\t\t\t\t\t\t\t\t<label for=\"form-field-name\" class=\"elementor-field-label\">\n\t\t\t\t\t\t\t\tV\u00e5rdnadshavares namn:\t\t\t\t\t\t\t<\/label>\n\t\t\t\t\t\t\t\t\t\t\t\t\t\t<input size=\"1\" type=\"text\" name=\"form_fields[name]\" id=\"form-field-name\" class=\"elementor-field elementor-size-sm  elementor-field-textual\" placeholder=\"Namn\" required=\"required\">\n\t\t\t\t\t\t\t\t\t\t\t<\/div>\n\t\t\t\t\t\t\t\t<div class=\"elementor-field-type-email elementor-field-group elementor-column elementor-field-group-field_c99c254 elementor-col-100 elementor-field-required elementor-mark-required\">\n\t\t\t\t\t\t\t\t\t\t\t\t<label for=\"form-field-field_c99c254\" class=\"elementor-field-label\">\n\t\t\t\t\t\t\t\tEmail\t\t\t\t\t\t\t<\/label>\n\t\t\t\t\t\t\t\t\t\t\t\t\t\t<input size=\"1\" type=\"email\" name=\"form_fields[field_c99c254]\" id=\"form-field-field_c99c254\" class=\"elementor-field elementor-size-sm  elementor-field-textual\" placeholder=\"Email\" required=\"required\">\n\t\t\t\t\t\t\t\t\t\t\t<\/div>\n\t\t\t\t\t\t\t\t<div class=\"elementor-field-type-text elementor-field-group elementor-column elementor-field-group-field_c87da69 elementor-col-100 elementor-field-required elementor-mark-required\">\n\t\t\t\t\t\t\t\t\t\t\t\t<label for=\"form-field-field_c87da69\" class=\"elementor-field-label\">\n\t\t\t\t\t\t\t\tMobil\t\t\t\t\t\t\t<\/label>\n\t\t\t\t\t\t\t\t\t\t\t\t\t\t<input size=\"1\" type=\"text\" name=\"form_fields[field_c87da69]\" id=\"form-field-field_c87da69\" class=\"elementor-field elementor-size-sm  elementor-field-textual\" placeholder=\"Mobil\" required=\"required\">\n\t\t\t\t\t\t\t\t\t\t\t<\/div>\n\t\t\t\t\t\t\t\t<div class=\"elementor-field-type-textarea elementor-field-group elementor-column elementor-field-group-message elementor-col-100\">\n\t\t\t\t\t\t\t\t\t\t\t\t<label for=\"form-field-message\" class=\"elementor-field-label\">\n\t\t\t\t\t\t\t\tMeddelande\t\t\t\t\t\t\t<\/label>\n\t\t\t\t\t\t<textarea class=\"elementor-field-textual elementor-field  elementor-size-sm\" name=\"form_fields[message]\" id=\"form-field-message\" rows=\"4\" placeholder=\"Meddelande\"><\/textarea>\t\t\t\t<\/div>\n\t\t\t\t\t\t\t\t<div class=\"elementor-field-type-acceptance elementor-field-group elementor-column elementor-field-group-field_d39f703 elementor-col-100 elementor-field-required elementor-mark-required\">\n\t\t\t\t\t\t\t<div class=\"elementor-field-subgroup\">\n\t\t\t<span class=\"elementor-field-option\">\n\t\t\t\t<input type=\"checkbox\" name=\"form_fields[field_d39f703]\" id=\"form-field-field_d39f703\" class=\"elementor-field elementor-size-sm  elementor-acceptance-field\" required=\"required\">\n\t\t\t\t<label for=\"form-field-field_d39f703\">Jag godk\u00e4nner Perla Stockholms <a href=\"https:\/\/www.perlasthlm.se\/integritetspolicy\/\" target=\"_blank\" >integritetspolicy<\/a><\/label>\t\t\t<\/span>\n\t\t<\/div>\n\t\t\t\t\t\t<\/div>\n\t\t\t\t\t\t\t\t<div class=\"elementor-field-group elementor-column elementor-field-type-submit elementor-col-30 e-form__buttons\">\n\t\t\t\t\t<button class=\"elementor-button elementor-size-sm\" type=\"submit\">\n\t\t\t\t\t\t<span class=\"elementor-button-content-wrapper\">\n\t\t\t\t\t\t\t\t\t\t\t\t\t\t\t\t\t\t\t\t\t\t<span class=\"elementor-button-text\">Skicka<\/span>\n\t\t\t\t\t\t\t\t\t\t\t\t\t<\/span>\n\t\t\t\t\t<\/button>\n\t\t\t\t<\/div>\n\t\t\t<\/div>\n\t\t<\/form>\n\t\t\t\t\t\t<\/div>\n\t\t\t\t<\/div>\n\t\t\t\t<\/div>\n\t\t\t\t<\/div>\n\t\t\t\t\t<\/div>\n\t\t\t\t<\/div>\n\t\t\t\t<\/div>\n\t\t","protected":false},"excerpt":{"rendered":"<p>Skapa din egen smyckeskollektion F\u00f6r dig som \u00e4lskar kreativitet och design &#8211; start oktober 2026 Under 6 tillf\u00e4llen i h\u00f6st har barn och ungdomar (fr\u00e5n 12 \u00e5r) m\u00f6jlighet att delta i v\u00e5r smyckeskurs och l\u00e4ra sig skapa en egen smyckeskollektion. Vi g\u00e5r genom alla faser fr\u00e5n id\u00e9 till skapande av smycken som t.ex. armband, halsband, [&hellip;]<\/p>\n","protected":false},"author":1,"featured_media":0,"parent":0,"menu_order":0,"comment_status":"closed","ping_status":"closed","template":"","meta":{"footnotes":""},"class_list":["post-24208","page","type-page","status-publish","hentry"],"aioseo_notices":[],"aioseo_head":"\n\t\t<!-- All in One SEO 5.0.1.1 - aioseo.com -->\n\t<meta name=\"description\" content=\"Skapa din egen smyckeskollektionF\u00f6r dig som \u00e4lskar kreativitet och design \u2013 start oktober 2026 Under 6 tillf\u00e4llen i h\u00f6st har barn och ungdomar (fr\u00e5n 12 \u00e5r) m\u00f6jlighet att delta i v\u00e5r smyckeskurs och l\u00e4ra sig skapa en egen smyckeskollektion.Vi g\u00e5r genom alla faser fr\u00e5n id\u00e9 till skapande av smycken som t.ex. armband, halsband, fotl\u00e4nk och\" \/>\n\t<meta name=\"robots\" content=\"max-image-preview:large\" \/>\n\t<link rel=\"canonical\" href=\"https:\/\/www.perlasthlm.se\/en\/smyckeskurs-skapa-egen-smyckeskollektion\/\" \/>\n\t<meta name=\"generator\" content=\"All in One SEO (AIOSEO) 5.0.1.1\" \/>\n\t\t<meta property=\"og:locale\" content=\"en_US\" \/>\n\t\t<meta property=\"og:site_name\" content=\"Perla Stockholm - Skapa dina egna smycken\" \/>\n\t\t<meta property=\"og:type\" content=\"article\" \/>\n\t\t<meta property=\"og:title\" content=\"Smyckeskurs \u2013 Skapa egen smyckeskollektion - Perla Stockholm\" \/>\n\t\t<meta property=\"og:description\" content=\"Skapa din egen smyckeskollektionF\u00f6r dig som \u00e4lskar kreativitet och design \u2013 start oktober 2026 Under 6 tillf\u00e4llen i h\u00f6st har barn och ungdomar (fr\u00e5n 12 \u00e5r) m\u00f6jlighet att delta i v\u00e5r smyckeskurs och l\u00e4ra sig skapa en egen smyckeskollektion.Vi g\u00e5r genom alla faser fr\u00e5n id\u00e9 till skapande av smycken som t.ex. armband, halsband, fotl\u00e4nk och\" \/>\n\t\t<meta property=\"og:url\" content=\"https:\/\/www.perlasthlm.se\/en\/smyckeskurs-skapa-egen-smyckeskollektion\/\" \/>\n\t\t<meta property=\"article:published_time\" content=\"2026-09-01T14:12:37+00:00\" \/>\n\t\t<meta property=\"article:modified_time\" content=\"2026-09-01T14:36:33+00:00\" \/>\n\t\t<meta name=\"twitter:card\" content=\"summary_large_image\" \/>\n\t\t<meta name=\"twitter:title\" content=\"Smyckeskurs \u2013 Skapa egen smyckeskollektion - Perla Stockholm\" \/>\n\t\t<meta name=\"twitter:description\" content=\"Skapa din egen smyckeskollektionF\u00f6r dig som \u00e4lskar kreativitet och design \u2013 start oktober 2026 Under 6 tillf\u00e4llen i h\u00f6st har barn och ungdomar (fr\u00e5n 12 \u00e5r) m\u00f6jlighet att delta i v\u00e5r smyckeskurs och l\u00e4ra sig skapa en egen smyckeskollektion.Vi g\u00e5r genom alla faser fr\u00e5n id\u00e9 till skapande av smycken som t.ex. armband, halsband, fotl\u00e4nk och\" \/>\n\t\t<script type=\"application\/ld+json\" class=\"aioseo-schema\">\n\t\t\t{\"@context\":\"https:\\\/\\\/schema.org\",\"@graph\":[{\"@type\":\"BreadcrumbList\",\"@id\":\"https:\\\/\\\/www.perlasthlm.se\\\/en\\\/smyckeskurs-skapa-egen-smyckeskollektion\\\/#breadcrumblist\",\"itemListElement\":[{\"@type\":\"ListItem\",\"@id\":\"https:\\\/\\\/www.perlasthlm.se\\\/en#listItem\",\"position\":1,\"name\":\"Hem\",\"item\":\"https:\\\/\\\/www.perlasthlm.se\\\/en\",\"nextItem\":{\"@type\":\"ListItem\",\"@id\":\"https:\\\/\\\/www.perlasthlm.se\\\/en\\\/smyckeskurs-skapa-egen-smyckeskollektion\\\/#listItem\",\"name\":\"Smyckeskurs &#8211; Skapa egen smyckeskollektion\"}},{\"@type\":\"ListItem\",\"@id\":\"https:\\\/\\\/www.perlasthlm.se\\\/en\\\/smyckeskurs-skapa-egen-smyckeskollektion\\\/#listItem\",\"position\":2,\"name\":\"Smyckeskurs &#8211; Skapa egen smyckeskollektion\",\"previousItem\":{\"@type\":\"ListItem\",\"@id\":\"https:\\\/\\\/www.perlasthlm.se\\\/en#listItem\",\"name\":\"Hem\"}}]},{\"@type\":\"Organization\",\"@id\":\"https:\\\/\\\/www.perlasthlm.se\\\/en\\\/#organization\",\"name\":\"Perla Stockholm\",\"description\":\"Skapa dina egna smycken\",\"url\":\"https:\\\/\\\/www.perlasthlm.se\\\/en\\\/\"},{\"@type\":\"WebPage\",\"@id\":\"https:\\\/\\\/www.perlasthlm.se\\\/en\\\/smyckeskurs-skapa-egen-smyckeskollektion\\\/#webpage\",\"url\":\"https:\\\/\\\/www.perlasthlm.se\\\/en\\\/smyckeskurs-skapa-egen-smyckeskollektion\\\/\",\"name\":\"Smyckeskurs \\u2013 Skapa egen smyckeskollektion - Perla Stockholm\",\"description\":\"Skapa din egen smyckeskollektionF\\u00f6r dig som \\u00e4lskar kreativitet och design \\u2013 start oktober 2026 Under 6 tillf\\u00e4llen i h\\u00f6st har barn och ungdomar (fr\\u00e5n 12 \\u00e5r) m\\u00f6jlighet att delta i v\\u00e5r smyckeskurs och l\\u00e4ra sig skapa en egen smyckeskollektion.Vi g\\u00e5r genom alla faser fr\\u00e5n id\\u00e9 till skapande av smycken som t.ex. armband, halsband, fotl\\u00e4nk och\",\"inLanguage\":\"en-US\",\"isPartOf\":{\"@id\":\"https:\\\/\\\/www.perlasthlm.se\\\/en\\\/#website\"},\"breadcrumb\":{\"@id\":\"https:\\\/\\\/www.perlasthlm.se\\\/en\\\/smyckeskurs-skapa-egen-smyckeskollektion\\\/#breadcrumblist\"},\"datePublished\":\"2026-09-01T14:12:37+00:00\",\"dateModified\":\"2026-09-01T14:36:33+00:00\"},{\"@type\":\"WebSite\",\"@id\":\"https:\\\/\\\/www.perlasthlm.se\\\/en\\\/#website\",\"url\":\"https:\\\/\\\/www.perlasthlm.se\\\/en\\\/\",\"name\":\"Perla Stockholm\",\"description\":\"Skapa dina egna smycken\",\"inLanguage\":\"en-US\",\"publisher\":{\"@id\":\"https:\\\/\\\/www.perlasthlm.se\\\/en\\\/#organization\"}}]}\n\t\t<\/script>\n\t\t<!-- All in One SEO -->\n\n","aioseo_head_json":{"title":"Smyckeskurs \u2013 Skapa egen smyckeskollektion - Perla Stockholm","description":"Skapa din egen smyckeskollektionF\u00f6r dig som \u00e4lskar kreativitet och design \u2013 start oktober 2026 Under 6 tillf\u00e4llen i h\u00f6st har barn och ungdomar (fr\u00e5n 12 \u00e5r) m\u00f6jlighet att delta i v\u00e5r smyckeskurs och l\u00e4ra sig skapa en egen smyckeskollektion.Vi g\u00e5r genom alla faser fr\u00e5n id\u00e9 till skapande av smycken som t.ex. armband, halsband, fotl\u00e4nk och","canonical_url":"https:\/\/www.perlasthlm.se\/en\/smyckeskurs-skapa-egen-smyckeskollektion\/","robots":"max-image-preview:large","keywords":"","webmasterTools":{"miscellaneous":""},"schema":{"@context":"https:\/\/schema.org","@graph":[{"@type":"BreadcrumbList","@id":"https:\/\/www.perlasthlm.se\/en\/smyckeskurs-skapa-egen-smyckeskollektion\/#breadcrumblist","itemListElement":[{"@type":"ListItem","@id":"https:\/\/www.perlasthlm.se\/en#listItem","position":1,"name":"Hem","item":"https:\/\/www.perlasthlm.se\/en","nextItem":{"@type":"ListItem","@id":"https:\/\/www.perlasthlm.se\/en\/smyckeskurs-skapa-egen-smyckeskollektion\/#listItem","name":"Smyckeskurs &#8211; Skapa egen smyckeskollektion"}},{"@type":"ListItem","@id":"https:\/\/www.perlasthlm.se\/en\/smyckeskurs-skapa-egen-smyckeskollektion\/#listItem","position":2,"name":"Smyckeskurs &#8211; Skapa egen smyckeskollektion","previousItem":{"@type":"ListItem","@id":"https:\/\/www.perlasthlm.se\/en#listItem","name":"Hem"}}]},{"@type":"Organization","@id":"https:\/\/www.perlasthlm.se\/en\/#organization","name":"Perla Stockholm","description":"Skapa dina egna smycken","url":"https:\/\/www.perlasthlm.se\/en\/"},{"@type":"WebPage","@id":"https:\/\/www.perlasthlm.se\/en\/smyckeskurs-skapa-egen-smyckeskollektion\/#webpage","url":"https:\/\/www.perlasthlm.se\/en\/smyckeskurs-skapa-egen-smyckeskollektion\/","name":"Smyckeskurs \u2013 Skapa egen smyckeskollektion - Perla Stockholm","description":"Skapa din egen smyckeskollektionF\u00f6r dig som \u00e4lskar kreativitet och design \u2013 start oktober 2026 Under 6 tillf\u00e4llen i h\u00f6st har barn och ungdomar (fr\u00e5n 12 \u00e5r) m\u00f6jlighet att delta i v\u00e5r smyckeskurs och l\u00e4ra sig skapa en egen smyckeskollektion.Vi g\u00e5r genom alla faser fr\u00e5n id\u00e9 till skapande av smycken som t.ex. armband, halsband, fotl\u00e4nk och","inLanguage":"en-US","isPartOf":{"@id":"https:\/\/www.perlasthlm.se\/en\/#website"},"breadcrumb":{"@id":"https:\/\/www.perlasthlm.se\/en\/smyckeskurs-skapa-egen-smyckeskollektion\/#breadcrumblist"},"datePublished":"2026-09-01T14:12:37+00:00","dateModified":"2026-09-01T14:36:33+00:00"},{"@type":"WebSite","@id":"https:\/\/www.perlasthlm.se\/en\/#website","url":"https:\/\/www.perlasthlm.se\/en\/","name":"Perla Stockholm","description":"Skapa dina egna smycken","inLanguage":"en-US","publisher":{"@id":"https:\/\/www.perlasthlm.se\/en\/#organization"}}]},"og:locale":"en_US","og:site_name":"Perla Stockholm - Skapa dina egna smycken","og:type":"article","og:title":"Smyckeskurs \u2013 Skapa egen smyckeskollektion - Perla Stockholm","og:description":"Skapa din egen smyckeskollektionF\u00f6r dig som \u00e4lskar kreativitet och design \u2013 start oktober 2026 Under 6 tillf\u00e4llen i h\u00f6st har barn och ungdomar (fr\u00e5n 12 \u00e5r) m\u00f6jlighet att delta i v\u00e5r smyckeskurs och l\u00e4ra sig skapa en egen smyckeskollektion.Vi g\u00e5r genom alla faser fr\u00e5n id\u00e9 till skapande av smycken som t.ex. armband, halsband, fotl\u00e4nk och","og:url":"https:\/\/www.perlasthlm.se\/en\/smyckeskurs-skapa-egen-smyckeskollektion\/","article:published_time":"2026-09-01T14:12:37+00:00","article:modified_time":"2026-09-01T14:36:33+00:00","twitter:card":"summary_large_image","twitter:title":"Smyckeskurs \u2013 Skapa egen smyckeskollektion - Perla Stockholm","twitter:description":"Skapa din egen smyckeskollektionF\u00f6r dig som \u00e4lskar kreativitet och design \u2013 start oktober 2026 Under 6 tillf\u00e4llen i h\u00f6st har barn och ungdomar (fr\u00e5n 12 \u00e5r) m\u00f6jlighet att delta i v\u00e5r smyckeskurs och l\u00e4ra sig skapa en egen smyckeskollektion.Vi g\u00e5r genom alla faser fr\u00e5n id\u00e9 till skapande av smycken som t.ex. armband, halsband, fotl\u00e4nk och"},"aioseo_meta_data":{"post_id":"24208","title":null,"description":null,"keywords":null,"keyphrases":{"focus":{"keyphrase":"","score":0,"analysis":{"keyphraseInTitle":{"score":0,"maxScore":9,"error":1}}},"additional":[]},"primary_term":null,"canonical_url":null,"og_title":null,"og_description":null,"og_object_type":"default","og_image_type":"default","og_image_url":null,"og_image_width":null,"og_image_height":null,"og_image_custom_url":null,"og_image_custom_fields":null,"og_video":"","og_custom_url":null,"og_article_section":null,"og_article_tags":null,"twitter_use_og":false,"twitter_card":"default","twitter_image_type":"default","twitter_image_url":null,"twitter_image_custom_url":null,"twitter_image_custom_fields":null,"twitter_title":null,"twitter_description":null,"schema":{"blockGraphs":[],"customGraphs":[],"default":{"data":{"Article":[],"Course":[],"Dataset":[],"FAQPage":[],"Movie":[],"Person":[],"Product":[],"ProductReview":[],"Car":[],"Recipe":[],"Service":[],"SoftwareApplication":[],"WebPage":[]},"graphName":"WebPage","isEnabled":true},"graphs":[]},"schema_type":"default","schema_type_options":null,"pillar_content":false,"robots_default":true,"robots_noindex":false,"robots_noarchive":false,"robots_nosnippet":false,"robots_nofollow":false,"robots_noimageindex":false,"robots_noodp":false,"robots_notranslate":false,"robots_max_snippet":"-1","robots_max_videopreview":"-1","robots_max_imagepreview":"large","priority":null,"frequency":"default","local_seo":null,"breadcrumb_settings":null,"limit_modified_date":false,"ai":{"faqs":[],"keyPoints":[],"schemas":[],"titles":[],"descriptions":[],"socialPosts":{"email":{"subject":"","preview":"","content":""},"linkedin":[],"twitter":[],"facebook":[],"instagram":[]}},"created":"2026-09-01 14:12:38","updated":"2026-09-01 14:51:41","seo_analyzer_scan_date":null,"focus_keyword":null,"additional_keywords":null,"truseo_locale":null},"aioseo_breadcrumb":"<div class=\"aioseo-breadcrumbs\"><span class=\"aioseo-breadcrumb\">\n\t\t\t<a href=\"https:\/\/www.perlasthlm.se\/en\" title=\"Hem\">Hem<\/a>\n\t\t<\/span><span class=\"aioseo-breadcrumb-separator\">&raquo;<\/span><span class=\"aioseo-breadcrumb\">\n\t\t\tSmyckeskurs \u2013 Skapa egen smyckeskollektion\n\t\t<\/span><\/div>","aioseo_breadcrumb_json":[{"label":"Hem","link":"https:\/\/www.perlasthlm.se\/en"},{"label":"Smyckeskurs &#8211; Skapa egen smyckeskollektion","link":"https:\/\/www.perlasthlm.se\/en\/smyckeskurs-skapa-egen-smyckeskollektion\/"}],"jetpack_sharing_enabled":true,"_links":{"self":[{"href":"https:\/\/www.perlasthlm.se\/en\/wp-json\/wp\/v2\/pages\/24208","targetHints":{"allow":["GET"]}}],"collection":[{"href":"https:\/\/www.perlasthlm.se\/en\/wp-json\/wp\/v2\/pages"}],"about":[{"href":"https:\/\/www.perlasthlm.se\/en\/wp-json\/wp\/v2\/types\/page"}],"author":[{"embeddable":true,"href":"https:\/\/www.perlasthlm.se\/en\/wp-json\/wp\/v2\/users\/1"}],"replies":[{"embeddable":true,"href":"https:\/\/www.perlasthlm.se\/en\/wp-json\/wp\/v2\/comments?post=24208"}],"version-history":[{"count":7,"href":"https:\/\/www.perlasthlm.se\/en\/wp-json\/wp\/v2\/pages\/24208\/revisions"}],"predecessor-version":[{"id":24226,"href":"https:\/\/www.perlasthlm.se\/en\/wp-json\/wp\/v2\/pages\/24208\/revisions\/24226"}],"wp:attachment":[{"href":"https:\/\/www.perlasthlm.se\/en\/wp-json\/wp\/v2\/media?parent=24208"}],"curies":[{"name":"wp","href":"https:\/\/api.w.org\/{rel}","templated":true}]}}